{"id":9,"date":"2015-09-22T11:33:16","date_gmt":"2015-09-22T11:33:16","guid":{"rendered":"http:\/\/www.alhosvedros.net\/criav\/?page_id=9"},"modified":"2022-06-02T10:47:23","modified_gmt":"2022-06-02T10:47:23","slug":"orgaos-sociais","status":"publish","type":"page","link":"http:\/\/www.cluberecreioinstrucao.com\/cri\/?page_id=9","title":{"rendered":"Org\u00e3os Sociais"},"content":{"rendered":"<h1>2021-2023<\/h1>\n<h4><strong>ASSEMBLEIA-GERAL<\/strong><\/h4>\n<p><strong>PRESIDENTE:<\/strong> C\u00e2ndido Hermenegildo C. D. Pereira, S\u00f3cio n\u00ba 54<br \/>\n<strong>VICE<\/strong>&#8211;<strong>PRESIDENTE:<\/strong> Carlos Manuel Lou\u00e7\u00e3o Nobre, S\u00f3cio n\u00ba 104<br \/>\n<strong>1.\u00ba SECRET\u00c1RIO:<\/strong> Jos\u00e9 das Neves Elias, S\u00f3cio n\u00ba 167<br \/>\n<strong>2.\u00ba SECRET\u00c1RIO:<\/strong> Lu\u00eds Jos\u00e9 Valentim Vinagre, S\u00f3cio n\u00ba 176<\/p>\n<h4><strong>DIRE\u00c7\u00c3O<\/strong><\/h4>\n<p><strong>PRESIDENTE:<\/strong> Jo\u00e3o Carlos Amaro Brito, S\u00f3cio n\u00ba 153<br \/>\n<strong>VICE-PRESIDENTE:<\/strong> Almiro de Almeida Antunes, S\u00f3cio n\u00ba 341 <strong>b), c)<\/strong><br \/>\n<strong>1.\u00ba SECRET\u00c1RIO:<\/strong> Lu\u00eds Manuel Guerreiro Nobre, S\u00f3cio n\u00ba 131<br \/>\n<strong>2.\u00ba SECRET\u00c1RIO:<\/strong> Nelson Fernando Ferreira Teixeira, S\u00f3cio n\u00ba 223<br \/>\n<strong>TESOUREIRO:<\/strong> Dora Concei\u00e7\u00e3o Viegas Guerreiro Antunes, S\u00f3cio n\u00ba 427<br \/>\n<strong>1\u00ba VOGAL:<\/strong> Filipe Miguel Patr\u00edcio de Oliveira Louren\u00e7o, S\u00f3cio n\u00ba 505 <strong>c)<\/strong><br \/>\n<strong>2\u00ba VOGAL:<\/strong> Joel Carlos Fernandes Dias, S\u00f3cio n\u00ba 319<br \/>\n<strong>3\u00ba VOGAL: <\/strong>Henrique Manuel Correia Vieira, S\u00f3cio n\u00ba 148<br \/>\n<strong>4\u00ba VOGAL:<\/strong> Vital Fatia \u00c2ngelo, S\u00f3cio n\u00ba 106<br \/>\n<strong>5\u00ba VOGAL:<\/strong> Ant\u00f3nio Pedro Luz Nisa Ferreira, S\u00f3cio n\u00ba 345<br \/>\n<strong>6\u00ba VOGAL:<\/strong> Ricardo Jorge Dias Gon\u00e7alves, S\u00f3cio n\u00ba 338<br \/>\n<strong>7\u00ba VOGAL: <\/strong>Rosa Maria Martinho Quina Elias, S\u00f3cio n\u00ba 428<br \/>\n<strong>8\u00ba VOGAL: <\/strong>Renato Andr\u00e9 Carrilho Soares, S\u00f3cio n\u00ba 426<\/p>\n<h4><strong>CONSELHO FISCAL<\/strong><\/h4>\n<p><strong>PRESIDENTE:<\/strong> Jo\u00e3o Manuel Pires Torres, S\u00f3cio n\u00ba 126<br \/>\n<strong>SECRET\u00c1RIO:<\/strong> Joaquim Ant\u00f3nio Almeida J\u00falio, S\u00f3cio n\u00ba 266<br \/>\n<strong>RELATOR:<\/strong> Daniel Ant\u00f3nio Silva Estrela, S\u00f3cio n\u00ba 10<\/p>\n<hr \/>\n<p>a) Numera\u00e7\u00e3o de s\u00f3cios atualizada em janeiro de 2022<\/p>\n<p>b) O Vice-Presidente, Bruno Israel dos Santos Ingrez, S\u00f3cio n\u00ba 285 Saiu por raz\u00f5es pessoais em 24\/05\/2022<\/p>\n<p>c) Em Assembleia-geral de 26\/05\/2022, foi nomeado Vice-Presidente Almiro de Almeida Antunes, S\u00f3cio n\u00ba 341, anterior 1\u00ba vogal e em sua substitui\u00e7\u00e3o Filipe Miguel Patr\u00edcio de Oliveira Louren\u00e7o, s\u00f3cio n\u00ba 505.<\/p>\n<p>&nbsp;<\/p>\n<div class=\"mks_separator\" style=\"border-bottom: 2px solid;\"><\/div>\n<h1><\/h1>\n<h1>2019\/20<\/h1>\n<h4><strong>ASSEMBLEIA-GERAL<\/strong><\/h4>\n<p><strong>PRESIDENTE:<\/strong> C\u00e2ndido Hermenegildo C. D. Pereira, S\u00f3cio n\u00ba 081<br \/>\n<strong>VICE<\/strong>&#8211;<strong>PRESIDENTE:<\/strong> Carlos Manuel Lou\u00e7\u00e3o Nobre, S\u00f3cio n\u00ba 150<br \/>\n<strong>1.\u00ba SECRET\u00c1RIO:<\/strong> Joaquim Ant\u00f3nio Almeida J\u00falio, S\u00f3cio n\u00ba 590<br \/>\n<strong>2.\u00ba SECRET\u00c1RIO:<\/strong> Miguel Alexandre dos Santos Vale, S\u00f3cio n\u00ba 425<\/p>\n<h4><strong>DIRE\u00c7\u00c3O<\/strong><\/h4>\n<p><strong>PRESIDENTE:<\/strong> Jo\u00e3o Carlos Amaro Brito, S\u00f3cio n\u00ba 217<br \/>\n<strong>VICE-PRESIDENTE:<\/strong> Bruno Israel dos Santos Ingrez, S\u00f3cio n\u00ba 651<br \/>\n<strong>1.\u00ba SECRET\u00c1RIO:<\/strong> Lu\u00eds Manuel Guerreiro Nobre, S\u00f3cio n\u00ba 184<br \/>\n<strong>2.\u00ba SECRET\u00c1RIO:<\/strong> Nelson Fernando Ferreira Teixeira, S\u00f3cio n\u00ba 383<br \/>\n<strong>TESOUREIRO:<\/strong> Vital Fatia \u00c2ngelo, S\u00f3cio n\u00ba 152<br \/>\n<strong>1\u00ba VOGAL:<\/strong> Lu\u00eds Jos\u00e9 Valentim Vinagre, S\u00f3cio n\u00ba 252<br \/>\n<strong>2\u00ba VOGAL:<\/strong> Raul Fernandes Calado, S\u00f3cio n\u00ba 259<br \/>\n<strong>3\u00ba VOGAL:<\/strong> Francisco Aur\u00e9lio Marques, S\u00f3cio n\u00ba 298<br \/>\n<strong>4\u00ba VOGAL:<\/strong> Carlos Jorge Guerreiro Lino, S\u00f3cio n\u00ba 628<br \/>\n<strong>5\u00ba VOGAL:<\/strong> Henrique Manuel Correia Vieira, S\u00f3cio n\u00ba 208<br \/>\n<strong>6\u00ba VOGAL:<\/strong> Joel Carlos Fernandes Dias, S\u00f3cio n\u00ba 742<br \/>\n<strong>7\u00ba VOGAL:<\/strong> Almiro de Almeida Antunes, S\u00f3cio n\u00ba 770<br \/>\n<strong>8\u00ba VOGAL:<\/strong> Andr\u00e9 Filipe Candeias Marques, S\u00f3cio n\u00ba 806<\/p>\n<h4><strong>CONSELHO FISCAL<\/strong><\/h4>\n<p><strong>PRESIDENTE:<\/strong> Jo\u00e3o Manuel Pires Torres, S\u00f3cio n\u00ba 176<br \/>\n<strong>SECRET\u00c1RIO:<\/strong> Tom\u00e1s Lima Coelho, S\u00f3cio n\u00ba 205<br \/>\n<strong>RELATOR:<\/strong> Daniel Ant\u00f3nio Silva Estrela, S\u00f3cio n\u00ba 021<\/p>\n<div class=\"mks_separator\" style=\"border-bottom: 2px solid;\"><\/div>\n<h1><\/h1>\n<h1>2018<\/h1>\n<p><strong>ASSEMBLEIA-GERAL<\/strong><br \/>\n<strong>Presidente<\/strong>: C\u00e2ndido Hermenegildo C. D. Pereira, s\u00f3cio n.\u00ba 81<br \/>\n<strong>Vice-Presidente<\/strong>: Carlos Manuel Lou\u00e7\u00e3o Nobre, 150<br \/>\n<strong>1\u00ba Secret\u00e1rio<\/strong>:\u00a0<span style=\"letter-spacing: 0.05em; line-height: 1.6875;\">Raul Fernandes Calado, 259<\/span><br \/>\n<strong>2\u00ba Secret\u00e1rio<\/strong>: Joaquim Ant\u00f3nio Almeida J\u00falio, 590<\/p>\n<p><strong><br \/>\nDIRE\u00c7\u00c3O<br \/>\nPresidente<\/strong>: Jo\u00e3o Carlos Amaro Brito, s\u00f3cio n\u00ba 217<br \/>\n<span style=\"letter-spacing: 0.05em; line-height: 1.6875;\"><strong>Vice-Presidente<\/strong>: Jos\u00e9 das Neves Elias, 236<br \/>\n<\/span><span style=\"letter-spacing: 0.05em; line-height: 1.6875;\"><strong>1\u00ba Secret\u00e1rio<\/strong>:\u00a0Lu\u00eds Manuel Guerreiro Nobre, 184<br \/>\n<strong>2\u00ba Secret\u00e1rio<\/strong>: Nelson Fernando Ferreira Teixeira, 383<br \/>\n<\/span><span style=\"letter-spacing: 0.05em; line-height: 1.6875;\"><strong>Tesoureiro<\/strong>: Lu\u00eds Jos\u00e9 Valentim Vinagre, 252<br \/>\n<\/span><span style=\"letter-spacing: 0.05em; line-height: 1.6875;\"><strong>1\u00ba Vogal<\/strong>:\u00a0Francisco Aur\u00e9lio Marques, 298<br \/>\n<strong>2\u00ba Vogal<\/strong>:\u00a0Jo\u00e3o Miguel Andrade Acates, 381<br \/>\n<strong>3\u00ba Vogal<\/strong>:\u00a0Carlos Jorge Guerreiro Lino, 628<br \/>\n<strong>4\u00ba Vogal<\/strong>: Bruno Israel dos Santos Ingrez, 651<br \/>\n<strong>5\u00ba Vogal<\/strong>: Henrique Manuel Correia Vieira, 208<br \/>\n<strong>6\u00ba Vogal<\/strong>: Bruno Alexandre Marques Feiteira, 740<br \/>\n<strong>7\u00ba Vogal<\/strong>: Joel Carlos Fernandes Dias, 742<br \/>\n<strong>8\u00ba Vogal<\/strong>: Jos\u00e9 Manuel Elias, 230<\/span><\/p>\n<p><strong>CONSELHO FISCAL<\/strong><br \/>\n<strong>Presidente<\/strong>: <span style=\"letter-spacing: 0.05em; line-height: 1.6875;\">Jo\u00e3o Manuel Pires Torres, 176<\/span><br \/>\n<strong>Secret\u00e1rio<\/strong>: Tom\u00e1s Lima Coelho, 205<br \/>\n<strong>Relator<\/strong>: Daniel Ant\u00f3nio Silva Estrela, 21<\/p>\n<div class=\"mks_separator\" style=\"border-bottom: 2px solid;\"><\/div>\n<p>&nbsp;<\/p>\n<h1>2017<\/h1>\n<p><strong>ASSEMBLEIA-GERAL<\/strong><br \/>\n<strong>Presidente<\/strong>: C\u00e2ndido Hermenegildo C. D. Pereira, s\u00f3cio n.\u00ba 81<br \/>\n<strong>Vice-Presidente<\/strong>: Carlos Manuel Lou\u00e7\u00e3o Nobre, 150<br \/>\n<strong>Secret\u00e1rio<\/strong>: David Jos\u00e9 Mendes Nunes, 216<br \/>\n<strong>Secret\u00e1rio<\/strong>: Jos\u00e9 Ant\u00f3nio Marques dos Santos, 201<\/p>\n<p><strong><br \/>\nDIRE\u00c7\u00c3O<br \/>\nPresidente<\/strong>: Jo\u00e3o Carlos Amaro Brito, s\u00f3cio n\u00ba 217<br \/>\n<span style=\"letter-spacing: 0.05em; line-height: 1.6875;\"><strong>Vice-Presidente<\/strong>: Jos\u00e9 das Neves Elias, 236<br \/>\n<\/span><span style=\"letter-spacing: 0.05em; line-height: 1.6875;\"><strong>1\u00ba Secret\u00e1rio<\/strong>:\u00a0Lu\u00eds Manuel Guerreiro Nobre, 184<br \/>\n<strong>2\u00ba Secret\u00e1rio<\/strong>: Nelson Fernando Ferreira Teixeira, 383<br \/>\n<\/span><span style=\"letter-spacing: 0.05em; line-height: 1.6875;\"><strong>Tesoureiro<\/strong>: Lu\u00eds Jos\u00e9 Valentim Vinagre, 252<br \/>\n<\/span><span style=\"letter-spacing: 0.05em; line-height: 1.6875;\"><strong>1\u00ba Vogal<\/strong>: Raul Fernandes Calado, 259<br \/>\n<strong>2\u00ba Vogal<\/strong>:\u00a0Jo\u00e3o Manuel Pires Torres, 176<br \/>\n<strong>3\u00ba Vogal<\/strong>:\u00a0Francisco Aur\u00e9lio Marques, 298<br \/>\n<strong>4\u00ba Vogal<\/strong>:\u00a0Leandro Alexandre Valente Barreto, 403<br \/>\n<strong>5\u00ba Vogal<\/strong>:\u00a0Carlos Jorge Guerreiro Lino, 628<br \/>\n<strong>6\u00ba Vogal<\/strong>: Jo\u00e3o Miguel Andrade Acates, 381<br \/>\n<strong>7\u00ba Vogal<\/strong>: Bruno Ismael dos Santos Ingrez, 651<br \/>\n<strong>8\u00ba Vogal<\/strong>: Jo\u00e3o Filipe Martins da Gl\u00f3ria, 650<\/span><\/p>\n<p><strong>CONSELHO FISCAL<\/strong><br \/>\n<strong>Presidente<\/strong>: Frederico Domingos dos Santos Tavares, s\u00f3cio 116<br \/>\n<strong>Secret\u00e1rio<\/strong>: Tom\u00e1s Lima Coelho, 205<br \/>\n<strong>Relator<\/strong>: Daniel Ant\u00f3nio Silva Estrela, 21<\/p>\n<div class=\"mks_separator\" style=\"border-bottom: 2px solid;\"><\/div>\n<h1><\/h1>\n<h1>2016<\/h1>\n<p><strong>ASSEMBLEIA-GERAL<\/strong><br \/>\n<strong>Presidente<\/strong>: C\u00e2ndido Hermenegildo C. D. Pereira, s\u00f3cio n.\u00ba 81<br \/>\n<strong>Vice-Presidente<\/strong>: Carlos Manuel Lou\u00e7\u00e3o Nobre, 150<br \/>\n<strong>Secret\u00e1rio<\/strong>: David Jos\u00e9 Mendes Nunes, 216<br \/>\n<strong>Secret\u00e1rio<\/strong>: Miguel Alexandre dos Santos Vale, 425<\/p>\n<p><strong><br \/>\nDIRE\u00c7\u00c3O<br \/>\nPresidente<\/strong>: Jo\u00e3o Carlos Amaro Brito, s\u00f3cio n\u00ba 217<br \/>\n<span style=\"letter-spacing: 0.05em; line-height: 1.6875;\"><strong>Vice-Presidente<\/strong>: Jos\u00e9 das Neves Elias, 236<br \/>\n<\/span><span style=\"letter-spacing: 0.05em; line-height: 1.6875;\"><strong>1\u00ba Secret\u00e1rio<\/strong>:\u00a0Lu\u00eds Manuel Guerreiro Nobre, 184<br \/>\n<strong>2\u00ba Secret\u00e1rio<\/strong>: Nelson Fernando Ferreira Teixeira, 383<br \/>\n<\/span><span style=\"letter-spacing: 0.05em; line-height: 1.6875;\"><strong>Tesoureiro<\/strong>: Lu\u00eds Jos\u00e9 Valentim Vinagre, 252<br \/>\n<\/span><span style=\"letter-spacing: 0.05em; line-height: 1.6875;\"><strong>1\u00ba Vogal<\/strong>: Raul Fernandes Calado, 259<br \/>\n<strong>2\u00ba Vogal<\/strong>: Jos\u00e9 Ant\u00f3nio Marques dos Santos, 201<br \/>\n<strong>3\u00ba Vogal<\/strong>: Jo\u00e3o Manuel Pires Torres, 176<br \/>\n<strong>4\u00ba Vogal<\/strong>: Francisco Aur\u00e9lio Marques, 298<br \/>\n<strong>5\u00ba Vogal<\/strong>: Leandro Alexandre Valente Barreto, 403<br \/>\n<strong>6\u00ba Vogal<\/strong>:\u00a0S\u00f3nia Sofia Pereira Correia, 566<br \/>\n<strong>7\u00ba Vogal<\/strong>: Carlos Jorge Guerreiro Lino, 628<br \/>\n<strong>8\u00ba Vogal<\/strong>: Jo\u00e3o Miguel Andrade Acates, 381.<\/span><\/p>\n<p><strong>CONSELHO FISCAL<\/strong><br \/>\n<strong>Presidente<\/strong>: Frederico Domingos dos Santos Tavares, s\u00f3cio 116<br \/>\n<strong>Secret\u00e1rio<\/strong>: Tom\u00e1s Lima Coelho, 205<br \/>\n<strong>Relator<\/strong>: Daniel Ant\u00f3nio Silva Estrela, 21<\/p>\n<div class=\"mks_separator\" style=\"border-bottom: 2px solid;\"><\/div>\n<h1>2015<\/h1>\n<p><strong>ASSEMBLEIA-GERAL<\/strong><br \/>\n<strong>Presidente<\/strong>: C\u00e2ndido Hermenegildo C. D. Pereira, s\u00f3cio n.\u00ba 81<br \/>\n<strong>Vice-Presidente<\/strong>: Carlos Manuel Lou\u00e7\u00e3o Nobre, 150<br \/>\n<strong>Secret\u00e1rio<\/strong>: David Jos\u00e9 Mendes Nunes, 216<br \/>\n<strong>Secret\u00e1rio<\/strong>: S\u00e9rgio Paulo Teixeira Pina, 296<\/p>\n<p><strong><br \/>\nDIRE\u00c7\u00c3O<br \/>\nPresidente<\/strong>: Jo\u00e3o Carlos Amaro Brito, s\u00f3cio n\u00ba 217<br \/>\n<span style=\"letter-spacing: 0.05em; line-height: 1.6875;\"><strong>Vice-Presidente<\/strong>: Jos\u00e9 das Neves Elias, 236<br \/>\n<\/span><span style=\"letter-spacing: 0.05em; line-height: 1.6875;\"><strong>1\u00ba Secret\u00e1rio<\/strong>:\u00a0Lu\u00eds Manuel Guerreiro Nobre, 184<br \/>\n<strong>2\u00ba Secret\u00e1rio<\/strong>: Nelson Fernando Ferreira Teixeira, 383<br \/>\n<\/span><span style=\"letter-spacing: 0.05em; line-height: 1.6875;\"><strong>Tesoureiro<\/strong>: Lu\u00eds Jos\u00e9 Valentim Vinagre, 252<br \/>\n<\/span><span style=\"letter-spacing: 0.05em; line-height: 1.6875;\"><strong>1\u00ba Vogal<\/strong>: Raul Fernandes Calado, 259<br \/>\n<strong>2\u00ba Vogal<\/strong>: Jos\u00e9 Ant\u00f3nio Marques dos Santos, 201<br \/>\n<strong>3\u00ba Vogal<\/strong>: Jo\u00e3o Manuel Pires Torres, 176<br \/>\n<strong>4\u00ba Vogal<\/strong>: Francisco Aur\u00e9lio Marques, 298<br \/>\n<strong>5\u00ba Vogal<\/strong>: Miguel Alexandre dos Santos Vale, 425<br \/>\n<strong>6\u00ba Vogal<\/strong>: Leandro Alexandre Valente Barreto, 403<br \/>\n<strong>7\u00ba Vogal<\/strong>: Nuno Ant\u00f3nio Ramos Cristo, 443<br \/>\n<strong>8\u00ba Vogal<\/strong>: S\u00f3nia Sofia Pereira Correia, 566.<\/span><\/p>\n<p>&nbsp;<\/p>\n<p><strong>CONSELHO FISCAL<\/strong><br \/>\n<strong>Presidente<\/strong>: Frederico Domingos dos Santos Tavares, s\u00f3cio 116<br \/>\n<strong>Secret\u00e1rio<\/strong>: Tom\u00e1s Lima Coelho, 205<br \/>\n<strong>Relator<\/strong>: Daniel Ant\u00f3nio Silva Estrela, 21<\/p>\n<div class=\"mks_separator\" style=\"border-bottom: 2px solid;\"><\/div>\n<p>&nbsp;<\/p>\n<h1>2014<\/h1>\n<p><strong>ASSEMBLEIA GERAL<\/strong><br \/>\nPRESIDENTE: C\u00e2ndido Hermenegildo C. D. Pereira, s\u00f3cio n.\u00ba 081<br \/>\nVICE-PRESIDENTE: Carlos Manuel Lou\u00e7\u00e3o Nobre, 150<br \/>\nSECRET\u00c1RIOS: David Jos\u00e9 Mendes Nunes, 216 e\u00a0S\u00e9rgio Paulo Teixeira Pina, 296<\/p>\n<p><strong>DIRE\u00c7\u00c3O<br \/>\n<\/strong>PRESIDENTE: Jos\u00e9 Martinho Pires da Silva, s\u00f3cio 218<br \/>\n<span style=\"letter-spacing: 0.05em; line-height: 1.6875;\">VICE-PRESIDENTE: Jos\u00e9 das Neves Elias, 236<br \/>\n<\/span><span style=\"letter-spacing: 0.05em; line-height: 1.6875;\">SECRET\u00c1RIOS: Jo\u00e3o Carlos Amaro Brito, 217 e\u00a0Ant\u00f3nio Manuel dos Santos Passos, 247<br \/>\n<\/span><span style=\"letter-spacing: 0.05em; line-height: 1.6875;\">TESOUREIRO: Lu\u00eds Jos\u00e9 Valentim Vinagre, 252<br \/>\n<\/span><span style=\"letter-spacing: 0.05em; line-height: 1.6875;\">VOGAIS: Raul Fernandes Calado, s\u00f3cio 259; Nelson Fernando Ferreira Teixeira, 383;\u00a0Jos\u00e9 Ant\u00f3nio Marques dos Santos, 201;\u00a0Lu\u00eds Manuel Guerreiro Nobre, 184;\u00a0Jo\u00e3o Manuel Pires Torres, 176;\u00a0Francisco Aur\u00e9lio Marques, 298;\u00a0Carlos Nuno Borges de Oliveira Barbosa, 409; Miguel Alexandre dos Santos Vale, 425.<\/span><\/p>\n<p><strong>CONSELHO FISCAL<\/strong><br \/>\nPRESIDENTE: Frederico Domingos dos Santos Tavares, s\u00f3cio 116<br \/>\nSECRET\u00c1RIO: Tom\u00e1s Lima Coelho, 205<br \/>\nRELATOR: Daniel Ant\u00f3nio Silva Estrela, 021<\/p>\n<div class=\"mks_separator\" style=\"border-bottom: 2px solid;\"><\/div>\n<h1>\u00a02013<\/h1>\n<p><strong>ASSEMBLEIA GERAL<\/strong><br \/>\nPresidente: C\u00e2ndido Pereira<br \/>\nVice-Presidente: Carlos Nobre<br \/>\nSecret\u00e1rio: David Nunes<\/p>\n<p><strong>DIRE\u00c7\u00c3O<\/strong><br \/>\n<span style=\"letter-spacing: 0.05em; line-height: 1.6875;\"><strong>Presidente<\/strong>: Jos\u00e9 da Silva<br \/>\n<\/span><span style=\"letter-spacing: 0.05em; line-height: 1.6875;\">Vice-Presidente: Jos\u00e9 Elias<br \/>\n<\/span><span style=\"letter-spacing: 0.05em; line-height: 1.6875;\">Secret\u00e1rios: Ant\u00f3nio Teixeira e Andr\u00e9 J\u00falio<br \/>\n<\/span><span style=\"letter-spacing: 0.05em; line-height: 1.6875;\">Tesoureiro: Lu\u00eds Vinagre<br \/>\n<\/span><span style=\"letter-spacing: 0.05em; line-height: 1.6875;\">Vogais: Raul Calado, S\u00e9rgio Pina, Jos\u00e9 Fernandes, Henrique Vieira, Carlos Parreira, Jo\u00e3o Brito e Jo\u00e3o Acates.<br \/>\n<\/span>Vogais Suplentes: Sandra Silva e Miguel Vale<\/p>\n<p><strong>CONSELHO FISCAL<\/strong><br \/>\nPresidente: Frederico Tavares<br \/>\nSecret\u00e1rio: Tom\u00e1s Coelho<br \/>\nRelator: Daniel Estrela<\/p>\n<div class=\"mks_separator\" style=\"border-bottom: 2px solid;\"><\/div>\n<p>&nbsp;<\/p>\n<h1>2012<\/h1>\n<p><strong>ASSEMBLEIA GERAL<\/strong><br \/>\nPresidente: C\u00e2ndido Hermenegildo C. D. Pereira<br \/>\nVice-Presidente: Carlos Manuel Lou\u00e7\u00e3o Nobre<br \/>\nSecret\u00e1rios: David Nunes e Artur Ferreira Gouveia<\/p>\n<p><strong>DIRE\u00c7\u00c3O<\/strong><br \/>\n<span style=\"letter-spacing: 0.05em; line-height: 1.6875;\"><strong>Presidente<\/strong>: Jos\u00e9 Martinho Pires da Silva<br \/>\n<\/span><span style=\"letter-spacing: 0.05em; line-height: 1.6875;\">Vice-Presidente:\u00a0Jos\u00e9 das Neves Elias<br \/>\n<\/span><span style=\"letter-spacing: 0.05em; line-height: 1.6875;\">Secret\u00e1rios: Milena Batista e Sandra Silva<br \/>\n<\/span><span style=\"letter-spacing: 0.05em; line-height: 1.6875;\">Tesoureiro: Lu\u00eds Jos\u00e9 Valentim Vinagre<br \/>\n<\/span><span style=\"letter-spacing: 0.05em; line-height: 1.6875;\">Vogais: Raul Calado, Nuno Aiveca, S\u00e9rgio Pina, Henrique Vieira, Carlos Parreira, Gilberto Monteiro, Jos\u00e9 Fernandes e Jo\u00e3o Acates.<\/span><\/p>\n<p><strong>CONSELHO FISCAL<\/strong><br \/>\nPresidente: Frederico Domingos dos Santos Tavares<br \/>\nSecret\u00e1rio: Tom\u00e1s Lima Coelho<br \/>\nRelator: Daniel Ant\u00f3nio Silva Estrela<\/p>\n<div class=\"mks_separator\" style=\"border-bottom: 2px solid;\"><\/div>\n<p>&nbsp;<\/p>\n<h1>2011<\/h1>\n<p><strong>ASSEMBLEIA GERAL<\/strong><br \/>\nPresidente: C\u00e2ndido Hermenegildo C. D. Pereira<br \/>\nVice-Presidente: Carlos Manuel Lou\u00e7\u00e3o Nobre<br \/>\nSecret\u00e1rios: Jos\u00e9 M\u00e1rio Menezes Gomes e Artur Ferreira Gouveia<\/p>\n<p><strong>DIREC\u00c7\u00c3O<\/strong><br \/>\n<span style=\"letter-spacing: 0.05em; line-height: 1.6875;\"><strong>Presidente<\/strong>: Jos\u00e9 Martinho Pires da Silva<br \/>\n<\/span><span style=\"letter-spacing: 0.05em; line-height: 1.6875;\">Vice-Presidente: Jos\u00e9 Das Neves Elias<br \/>\n<\/span><span style=\"letter-spacing: 0.05em; line-height: 1.6875;\">Secret\u00e1rios: Ana Cl\u00e1udia Mendes Fortunato e In\u00eas Isabel Vizinha Pinto<br \/>\n<\/span><span style=\"letter-spacing: 0.05em; line-height: 1.6875;\">Tesoureiro: Lu\u00eds Jos\u00e9 Valentim Vinagre<\/span><\/p>\n<p><span style=\"letter-spacing: 0.05em; line-height: 1.6875;\">Vogais:<br \/>\n<\/span><span style=\"letter-spacing: 0.05em; line-height: 1.6875;\">Vitor Dinis Marques Carvalho<br \/>\n<\/span><span style=\"letter-spacing: 0.05em; line-height: 1.6875;\">David Jos\u00e9 Mendes Nunes<br \/>\n<\/span><span style=\"letter-spacing: 0.05em; line-height: 1.6875;\">Fernando G. Gon\u00e7alves Gouveia<br \/>\n<\/span><span style=\"letter-spacing: 0.05em; line-height: 1.6875;\">Raul Fernandes Calado<br \/>\n<\/span><span style=\"letter-spacing: 0.05em; line-height: 1.6875;\">Nuno Carlos Da Costa Aiveca<br \/>\n<\/span><span style=\"letter-spacing: 0.05em; line-height: 1.6875;\">S\u00e9rgio Paulo Teixeira Pina<br \/>\n<\/span><span style=\"letter-spacing: 0.05em; line-height: 1.6875;\">Augusto Ant\u00f3nio Borracha Manhita<br \/>\n<\/span><span style=\"letter-spacing: 0.05em; line-height: 1.6875;\">Ant\u00f3nio Carlos Patr\u00edcio Lan\u00e7a<\/span><\/p>\n<p><strong>CONSELHO FISCAL<\/strong><br \/>\nPresidente: Frederico Domingos dos Santos Tavares<br \/>\nSecret\u00e1rio: Tom\u00e1s Lima Coelho<br \/>\nRelator: Daniel Ant\u00f3nio Silva Estrela<\/p>\n<div class=\"mks_separator\" style=\"border-bottom: 2px solid;\"><\/div>\n<h1>2010<\/h1>\n<p>&nbsp;<\/p>\n<hr \/>\n<h1>2009<\/h1>\n<p>&nbsp;<\/p>\n<hr \/>\n<h1>2008<\/h1>\n<p>&nbsp;<\/p>\n<hr \/>\n<p>&nbsp;<\/p>\n<h1>2007<\/h1>\n<p>(Eleitos em Assembleia no dia 20\/01\/2007)<\/p>\n<p><strong>ASSEMBLEIA GERAL<\/strong><br \/>\nPresidente: C\u00e2ndido H. Pereira, S\u00f3cio 145<br \/>\nVice Presidente: Carlos Lou\u00e7\u00e3o Nobre, S\u00f3cio 264<br \/>\nSecret\u00e1rios: Jos\u00e9 M\u00e1rio Gomes, S\u00f3cio 531 e V\u00edtor Lavrador, S\u00f3cio 280<\/p>\n<p><strong>DIREC\u00c7\u00c3O<\/strong><br \/>\n<span style=\"letter-spacing: 0.05em; line-height: 1.6875;\"><strong>Presidente<\/strong>: Artur Gouveia, S\u00f3cio 246<br \/>\n<\/span><span style=\"letter-spacing: 0.05em; line-height: 1.6875;\">Vice-Presidente: Jos\u00e9 Elias, S\u00f3cio 520<br \/>\n<\/span><span style=\"letter-spacing: 0.05em; line-height: 1.6875;\">Secret\u00e1rios:\u00a0 Ana Cristina Gouveia, S\u00f3cio 524 e Patr\u00edcia Pereirinha, S\u00f3cio 522<br \/>\n<\/span><span style=\"letter-spacing: 0.05em; line-height: 1.6875;\">Tesoureiro: Carlos Gomes, S\u00f3cio 438<br \/>\n<\/span><span style=\"letter-spacing: 0.05em; line-height: 1.6875;\">Vogais:<br \/>\n<\/span><span style=\"letter-spacing: 0.05em; line-height: 1.6875;\">Ricardo Margalhau, S\u00f3cio 439<br \/>\n<\/span><span style=\"letter-spacing: 0.05em; line-height: 1.6875;\">Orlando J\u00falio, S\u00f3cio 58<br \/>\n<\/span><span style=\"letter-spacing: 0.05em; line-height: 1.6875;\">V\u00edtor Carvalho, S\u00f3cio 428<br \/>\n<\/span><span style=\"letter-spacing: 0.05em; line-height: 1.6875;\">Jos\u00e9 Silva, S\u00f3cio 470<br \/>\n<\/span><span style=\"letter-spacing: 0.05em; line-height: 1.6875;\">Jos\u00e9 Costa, S\u00f3cio 401<br \/>\n<\/span><span style=\"letter-spacing: 0.05em; line-height: 1.6875;\">Lu\u00eds Vinagre, S\u00f3cio 581<br \/>\n<\/span><span style=\"letter-spacing: 0.05em; line-height: 1.6875;\">David Nunes, S\u00f3cio 467<br \/>\n<\/span><span style=\"letter-spacing: 0.05em; line-height: 1.6875;\">Ant\u00f3nio Vital, S\u00f3cio 595<\/span><\/p>\n<p><strong>CONSELHO FISCAL<\/strong><br \/>\nPresidente: Frederico Tavares, S\u00f3cio 203<br \/>\nSecret\u00e1rio: Tom\u00e1s Lima Coelho, S\u00f3cio 421<br \/>\nRelator: Daniel Estrela, S\u00f3cio 44<\/p>\n<hr \/>\n<h1>2006<\/h1>\n<p>&nbsp;<\/p>\n<address><img decoding=\"async\" loading=\"lazy\" class=\"alignnone\" src=\"http:\/\/graca-cabeleireiro.com\/cri\/Pics\/CRI-A.G.-16.12.05-(1)_640x480.jpg\" alt=\"\" width=\"640\" height=\"480\" \/><br \/>\nFoto: Frederico Tavares<br \/>\nNa elei\u00e7\u00e3o dos Corpos Sociais do Clube, a mesa da Assembleia-Geral foi composta pelos seguintes elementos:\u00a0 C\u00e2ndido Pereira(Presidente), Carlos Lou\u00e7\u00e3o Nobre(Vice-Presidente), Ricardo Margalhau(Secret\u00e1rio)<\/address>\n<p><strong>ASSEMBLEIA GERAL<\/strong><br \/>\nPresidente: C\u00e2ndido H. Pereira, S\u00f3cio 145<br \/>\nVice Presidente: Carlos Lou\u00e7\u00e3o Nobre, S\u00f3cio 264<br \/>\nSecret\u00e1rios:\u00a0 Jos\u00e9 M\u00e1rio Gomes, S\u00f3cio 531 e V\u00edtor Lavrador, S\u00f3cio 280<\/p>\n<p><strong>CONSELHO FISCAL<\/strong><br \/>\nPresidente: Frederico Tavares, S\u00f3cio 203<br \/>\nSecret\u00e1rio: Tom\u00e1s Lima Coelho, S\u00f3cio 421<br \/>\nRelator: Daniel Estrela, S\u00f3cio 44<\/p>\n<p><strong>DIREC\u00c7\u00c3O<\/strong><br \/>\n<strong>Presidente<\/strong>: Artur Gouveia, S\u00f3cio 246<br \/>\nVice-Presidente: Jos\u00e9 Elias, S\u00f3cio 520<br \/>\nSecret\u00e1rios: Ana Cristina Gouveia, S\u00f3cio 525 e Patr\u00edcia Pereirinha, S\u00f3cio 523<br \/>\nTesoureiro: Carlos Gomes, S\u00f3cio 438<br \/>\nVogais:<br \/>\nRicardo Margalhau, S\u00f3cio 439<br \/>\nOrlando J\u00falio, S\u00f3cio 58<br \/>\nNuno Aiveca, S\u00f3cio 478<br \/>\nV\u00edtor Carvalho, S\u00f3cio 428<br \/>\nJos\u00e9 Silva, S\u00f3cio 470<br \/>\nJos\u00e9 Costa, S\u00f3cio 401<br \/>\nLu\u00eds Vinagre, S\u00f3cio 581<br \/>\nDavid Nunes, S\u00f3cio 467<\/p>\n<p>&nbsp;<\/p>\n<hr \/>\n<p>&nbsp;<\/p>\n<h1>2005<\/h1>\n<p>Realizou-se na Sexta-Feira, dia 7 de Janeiro de 2005, a Assembleia Geral do C.R.I., cuja ordem de trabalhos foi a elei\u00e7\u00e3o dos <a href=\"http:\/\/www.graca-cabeleireiro.com\/cri\/Direcao.htm\" target=\"mainFrame\" rel=\"noopener noreferrer\">Org\u00e3os Sociais do clube para 2005.<\/a> A lista concorrente, foi eleita por unanimidade.<\/p>\n<h5><img decoding=\"async\" loading=\"lazy\" class=\"alignnone\" src=\"http:\/\/graca-cabeleireiro.com\/cri\/Pics\/CRI-A.G.-07.01.05_320x240.jpg\" alt=\"\" width=\"320\" height=\"240\" \/><br \/>\nAssembleia Geral, presidida por: C\u00e2ndido Pereira, com o Vice-Presidente: Carlos Lou\u00e7\u00e3o Nobre, \u00e0 sua dta. e pelo Secret\u00e1rio: Lu\u00eds Baptista, \u00e0 sua esquerda.<\/h5>\n<p><strong>ASSEMBLEIA GERAL<\/strong><br \/>\nPresidente: C\u00e2ndido H. Pereira, S\u00f3cio 145 &#8211; 45 anos<br \/>\nVice Presidente: Carlos Lou\u00e7\u00e3o Nobre, S\u00f3cio 264<br \/>\nSecret\u00e1rios: Jos\u00e9 M\u00e1rio Gomes, S\u00f3cio 531 &#8211; 36 Anos e Lu\u00eds Baptista, S\u00f3cio 465<\/p>\n<p><strong>CONSELHO FISCAL<\/strong><br \/>\nPresidente: Frederico Tavares, S\u00f3cio 203<br \/>\nSecret\u00e1rio: Tom\u00e1s Lima Coelho, S\u00f3cio 421<br \/>\nRelator: Daniel Estrela, S\u00f3cio 44<\/p>\n<p><strong>DIREC\u00c7\u00c3O<\/strong><br \/>\nPresidente: Artur Gouveia, S\u00f3cio 246 &#8211; 42 Anos<br \/>\nVice-Presidente: Jos\u00e9 Elias, S\u00f3cio 520<br \/>\nSecret\u00e1rios: Ricardo Margalhau, S\u00f3cio 439 &#8211; 22 Anos e Nuno Aiveca, S\u00f3cio 478 &#8211; 25 anos.<br \/>\nTesoureiro: Carlos Gomes, S\u00f3cio 438 &#8211; 34 Anos<br \/>\nVogais:<br \/>\nOrlando J\u00falio, S\u00f3cio 58<br \/>\nV\u00edtor Carvalho, S\u00f3cio 428 &#8211; 24 Anos<br \/>\nJos\u00e9 Silva, S\u00f3cio 470 &#8211; 46 Anos<br \/>\nAna Cristina Gouveia, S\u00f3cio 525 &#8211; 22 Anos<br \/>\nPatr\u00edcia Pereirinha, S\u00f3cio 523 &#8211; 22 Anos<br \/>\nJos\u00e9 Costa, S\u00f3cio 401<br \/>\nAm\u00e9rico Marques, S\u00f3cio 416<br \/>\nArnaldo Neto, S\u00f3cio 93 &#8211; 50 Anos<\/p>\n<p>&nbsp;<\/p>\n<hr \/>\n<p>&nbsp;<\/p>\n<p>&nbsp;<\/p>\n<h1>2004<\/h1>\n<p><strong>ASSEMBLEIA-GERAL<\/strong><br \/>\n<strong>Presidente<\/strong>: C\u00e2ndido Hermenegildo C. D. Pereira, s\u00f3cio n.\u00ba 145 (44 anos &#8211; Empres\u00e1rio)<br \/>\n<strong>Vice-Presidente<\/strong>: Carlos Manuel Lou\u00e7\u00e3o Nobre, 264 (Fogueiro)<br \/>\n<strong>1\u00ba Secret\u00e1rio<\/strong>: Jos\u00e9 M\u00e1rio Gomes, 531 (35 anos &#8211; T\u00e9cnico Tribut\u00e1rio)<br \/>\n<strong>2\u00ba Secret\u00e1rio<\/strong>: Nelson Fernando Ferreira Teixeira, 341 (32 anos)<\/p>\n<p><strong><br \/>\nDIRE\u00c7\u00c3O<br \/>\nPresidente<\/strong>: Artur Ferreira Gouveia, s\u00f3cio n\u00ba 246 (41 anos &#8211; Gestor)<br \/>\n<span style=\"letter-spacing: 0.05em; line-height: 1.6875;\"><strong>Vice-Presidente<\/strong>: Ant\u00f3nio Oliveira, 418 (45 anos &#8211; Gestor\/Contabilista)<br \/>\n<\/span><span style=\"letter-spacing: 0.05em; line-height: 1.6875;\"><strong>1\u00ba Secret\u00e1rio<\/strong>: Ricardo Margalhau, 439 (21 anos &#8211; Funcion\u00e1rio P\u00fablico)<br \/>\n<strong>2\u00ba Secret\u00e1rio<\/strong>: Arnaldo Neto, 93 (50 anos)<br \/>\n<\/span><span style=\"letter-spacing: 0.05em; line-height: 1.6875;\"><strong>Tesoureiro<\/strong>:\u00a0Carlos Gomes, 438 (33 anos &#8211; Empres\u00e1rio)<br \/>\n<\/span><span style=\"letter-spacing: 0.05em; line-height: 1.6875;\"><strong>1\u00ba Vogal<\/strong>:\u00a0David Jos\u00e9 Mendes Nunes,\u00a0468 (21 anos &#8211; Trabalhador\/Estudante)<br \/>\n<strong>2\u00ba Vogal<\/strong>: Nuno Carlos da Costa Aiveca, 478 (24 anos &#8211; Escritur\u00e1rio)<br \/>\n<strong>3\u00ba Vogal<\/strong>: Jos\u00e9 Alberto \u00c2ngelo, 389 (20 anos &#8211; Soldador)<br \/>\n<strong>4\u00ba Vogal<\/strong>: V\u00edtor Carvalho, 428 (23 anos &#8211; Serralheiro)<br \/>\n<strong>5\u00ba Vogal<\/strong>: Ana Cristina Gouveia, 525 (21 anos &#8211; Estudante Universit\u00e1ria)<br \/>\n<strong>6\u00ba Vogal<\/strong>: Patr\u00edcia Pereirinha, 523 (21 anos &#8211; Estudante Universit\u00e1ria)<br \/>\n<strong>7\u00ba Vogal<\/strong>: Ana Sofia Cortes, 522 (22 anos &#8211; Tele-Operadora)<br \/>\n<strong>8\u00ba Vogal<\/strong>: Jos\u00e9 Silva, 470 (45 anos &#8211; Electricista)<\/span><\/p>\n<p><strong>CONSELHO FISCAL<\/strong><br \/>\n<strong>Presidente<\/strong>: Frederico Domingos dos Santos Tavares, s\u00f3cio 203 (Inspector da CP)<br \/>\n<strong>Secret\u00e1rio<\/strong>: Faustino Tarouca, 23 (Reformado)<br \/>\n<strong>Relator<\/strong>: Daniel Ant\u00f3nio Silva Estrela, 44 (Reformado)<\/p>\n","protected":false},"excerpt":{"rendered":"<p>2021-2023 ASSEMBLEIA-GERAL PRESIDENTE: C\u00e2ndido Hermenegildo C. D. Pereira, S\u00f3cio n\u00ba 54 VICE&#8211;PRESIDENTE: Carlos Manuel Lou\u00e7\u00e3o Nobre, S\u00f3cio n\u00ba 104 1.\u00ba SECRET\u00c1RIO: Jos\u00e9 das Neves Elias, S\u00f3cio n\u00ba 167 2.\u00ba SECRET\u00c1RIO: Lu\u00eds Jos\u00e9 Valentim Vinagre, S\u00f3cio n\u00ba 176 DIRE\u00c7\u00c3O PRESIDENTE: Jo\u00e3o Carlos Amaro Brito, S\u00f3cio n\u00ba 153 VICE-PRESIDENTE: Almiro de Almeida Antunes, S\u00f3cio n\u00ba 341 b), [&hellip;]<\/p>\n","protected":false},"author":1,"featured_media":0,"parent":0,"menu_order":0,"comment_status":"closed","ping_status":"open","template":"","meta":[],"_links":{"self":[{"href":"http:\/\/www.cluberecreioinstrucao.com\/cri\/index.php?rest_route=\/wp\/v2\/pages\/9"}],"collection":[{"href":"http:\/\/www.cluberecreioinstrucao.com\/cri\/index.php?rest_route=\/wp\/v2\/pages"}],"about":[{"href":"http:\/\/www.cluberecreioinstrucao.com\/cri\/index.php?rest_route=\/wp\/v2\/types\/page"}],"author":[{"embeddable":true,"href":"http:\/\/www.cluberecreioinstrucao.com\/cri\/index.php?rest_route=\/wp\/v2\/users\/1"}],"replies":[{"embeddable":true,"href":"http:\/\/www.cluberecreioinstrucao.com\/cri\/index.php?rest_route=%2Fwp%2Fv2%2Fcomments&post=9"}],"version-history":[{"count":29,"href":"http:\/\/www.cluberecreioinstrucao.com\/cri\/index.php?rest_route=\/wp\/v2\/pages\/9\/revisions"}],"predecessor-version":[{"id":20287,"href":"http:\/\/www.cluberecreioinstrucao.com\/cri\/index.php?rest_route=\/wp\/v2\/pages\/9\/revisions\/20287"}],"wp:attachment":[{"href":"http:\/\/www.cluberecreioinstrucao.com\/cri\/index.php?rest_route=%2Fwp%2Fv2%2Fmedia&parent=9"}],"curies":[{"name":"wp","href":"https:\/\/api.w.org\/{rel}","templated":true}]}}